{"id":5578,"date":"2022-08-11T20:48:24","date_gmt":"2022-08-11T18:48:24","guid":{"rendered":"https:\/\/training.med4skin.ch\/conditions-generales-de-vente\/"},"modified":"2024-10-15T18:19:25","modified_gmt":"2024-10-15T16:19:25","slug":"conditions-generales-de-vente","status":"publish","type":"page","link":"https:\/\/training.med4skin.ch\/fr\/conditions-generales-de-vente\/","title":{"rendered":"CONDITIONS G\u00c9N\u00c9RALES DE VENTE"},"content":{"rendered":"<p>[et_pb_section fb_built=\u201c1\u201d admin_label=\u201cFeatures Sec\u00adtion\u201d _builder_version=\u201c4.16\u201d custom_padding=\u201c110px||110px|\u201d global_colors_info=\u201d{}\u201d][et_pb_row _builder_version=\u201c4.16\u201d custom_padding=\u201c20px|||\u201d locked=\u201coff\u201d global_colors_info=\u201d{}\u201d][et_pb_column type=\u201c4_4\u201d _builder_version=\u201c4.16\u201d custom_padding=\u201d|||\u201d global_colors_info=\u201d{}\u201d custom_padding__hover=\u201d|||\u201d][et_pb_text admin_label=\u201cFeatures Sec\u00adtion Title\u201d _builder_version=\u201c4.16\u201d text_font=\u201d||||||||\u201d header_font=\u201cRoboto|700||on|||||\u201d header_text_align=\u201ccenter\u201d header_font_size=\u201c52px\u201d header_letter_spacing=\u201c4px\u201d header_line_height=\u201c1.2em\u201d header_2_font=\u201d||||||||\u201d module_alignment=\u201ccenter\u201d custom_margin=\u201d|||\u201d custom_padding=\u201d|||\u201d animation_style=\u201cfade\u201d header_font_size_tablet=\u201c40px\u201d header_font_size_phone=\u201d\u201d header_font_size_last_edited=\u201con|tablet\u201d locked=\u201coff\u201d global_colors_info=\u201d{}\u201d]<\/p>\n<h1>CGV \u2014 Conditions g\u00e9n\u00e9rales de vente<\/h1>\n<p>[\/et_pb_text][et_pb_divider color=\u201c#ffb500\u201d divider_weight=\u201c2px\u201d disabled_on=\u201coff|off|off\u201d _builder_version=\u201c4.16\u201d max_width=\u201c100px\u201d module_alignment=\u201ccenter\u201d animation_style=\u201cfade\u201d locked=\u201coff\u201d global_colors_info=\u201d{}\u201d][\/et_pb_divider][\/et_pb_column][\/et_pb_row][et_pb_row _builder_version=\u201c4.16\u201d _module_preset=\u201cdefault\u201d global_colors_info=\u201d{}\u201d][et_pb_column type=\u201c4_4\u201d _builder_version=\u201c4.16\u201d _module_preset=\u201cdefault\u201d global_colors_info=\u201d{}\u201d][et_pb_text _builder_version=\u201c4.19.4\u201d _module_preset=\u201cdefault\u201d global_colors_info=\u201d{}\u201d]<\/p>\n<h2>1. Champ d\u2019application<\/h2>\n<p>Les pr\u00e9\u00adsen\u00adtes con\u00addi\u00adti\u00adons g\u00e9n\u00e9\u00adra\u00adles de vente r\u00e9gis\u00adsent les rela\u00adti\u00adons entre <a href=\"https:\/\/www.med4skin.ch\/training\">www.med4skin.ch,<\/a> repr\u00e9\u00adsent\u00e9 par digi\u00adtal\u00adex\u00adpert AG \u00e0 8834 Schin\u00addel\u00adlegi (ci-apr\u00e8s d\u00e9nomm\u00e9 DEX), et ses cli\u00adents. Les accords \u00e9crits com\u00admuns dans les\u00adquels cer\u00adta\u00adins points ont \u00e9t\u00e9 modi\u00adfi\u00e9s ou com\u00adpl\u00e9\u00adt\u00e9s et accep\u00adt\u00e9s par DEX con\u00adsti\u00adtu\u00adent des excep\u00adti\u00adons.<\/p>\n<p>DEX se r\u00e9serve le droit de modi\u00adfier les pr\u00e9\u00adsen\u00adtes con\u00addi\u00adti\u00adons g\u00e9n\u00e9\u00adra\u00adles \u00e0 tout moment. Vous trou\u00adverez les CGV actu\u00adel\u00adles et en vigueur sur notre site web.<\/p>\n<p>&nbsp;<\/p>\n<h2>2. Conclusion du contrat<\/h2>\n<p>Le cont\u00adrat entre DEX et le cli\u00adent est con\u00adclu par la com\u00admande en bonne et due forme via la bou\u00adtique en ligne du site Inter\u00adnet et par la con\u00adfir\u00adma\u00adtion \u00e9crite de DEX. Les accords oraux ne suf\u00adfi\u00adsent pas \u00e0 con\u00adclure un cont\u00adrat.<\/p>\n<p>Le cli\u00adent s\u2019assure que les dis\u00adpo\u00adsi\u00adti\u00adons l\u00e9ga\u00adles en vigueur, entre aut\u00adres cel\u00adles de l\u2019OFSP, sont respec\u00adt\u00e9es lors de l\u2019uti\u00adli\u00adsa\u00adtion des appareils ache\u00adt\u00e9s.<\/p>\n<p>&nbsp;<\/p>\n<h2>3. Prix<\/h2>\n<p>Sauf men\u00adtion con\u00adtraire, les prix s\u2019en\u00adten\u00addent en francs suis\u00adses, hors TVA, liv\u00adrai\u00adson, embal\u00adlage et assu\u00adrance. Les ser\u00advices, tels que les for\u00adma\u00adti\u00adons ou les con\u00adsom\u00adma\u00adbles, doi\u00advent \u00eatre com\u00adman\u00add\u00e9s et pay\u00e9s s\u00e9pa\u00adr\u00e9\u00adment, sauf accord con\u00adtraire.<\/p>\n<p>&nbsp;<\/p>\n<h2>4. Livraison<\/h2>\n<p>La liv\u00adrai\u00adson s\u2019ef\u00adfec\u00adtue en g\u00e9n\u00e9\u00adral \u00e0 court terme \u00e0 par\u00adtir de l\u2019en\u00adtrep\u00f4t. Si la mar\u00adchan\u00addise n\u2019est pas en stock au moment de l\u2019ar\u00adri\u00adv\u00e9e de la com\u00admande, la liv\u00adrai\u00adson ult\u00e9\u00adri\u00adeure est assu\u00adr\u00e9e dans les meil\u00adleurs d\u00e9lais. Il n\u2019au\u00adto\u00adrise pas le cli\u00adent \u00e0 r\u00e9si\u00adlier le cont\u00adrat de vente si la nou\u00advelle date de liv\u00adrai\u00adson se situe dans un d\u00e9lai rai\u00adsonnable. De m\u00eame, cela n\u2019au\u00adto\u00adrise pas le cli\u00adent \u00e0 r\u00e9clamer des dom\u00admages et int\u00e9\u00adr\u00eats, de quel\u00adque nature que ce soit, \u00e0 DEX.<\/p>\n<p>En cas de retard de liv\u00adrai\u00adson d\u00fb \u00e0 des \u00e9v\u00e9\u00adne\u00adments de force majeure qui ne rel\u00e8\u00advent pas de la responsa\u00adbi\u00adlit\u00e9 de DEX (guerre, trem\u00adblem\u00adent de terre, gr\u00e8ve, ordre des auto\u00adri\u00adt\u00e9s, retards des four\u00adnis\u00adseurs, etc. Dans de tels cas, le d\u00e9lai de liv\u00adrai\u00adson est pro\u00adlong\u00e9 de mani\u00e8re appro\u00adpri\u00e9e.<\/p>\n<p>Si les obli\u00adga\u00adti\u00adons con\u00adtrac\u00adtu\u00adel\u00adles, entre aut\u00adres un d\u00e9faut de pai\u00adement con\u00advenu, ne sont pas respec\u00adt\u00e9es, le d\u00e9lai de liv\u00adrai\u00adson sera pro\u00adlong\u00e9 du temps n\u00e9ces\u00adsaire \u00e0 l\u2019ex\u00e9\u00adcu\u00adtion de cette obli\u00adga\u00adtion.<\/p>\n<p>&nbsp;<\/p>\n<h2>5. Paiement<\/h2>\n<p>Le pai\u00adement des pre\u00adsta\u00adti\u00adons com\u00adman\u00add\u00e9es s\u2019ef\u00adfec\u00adtue en prin\u00adcipe par pai\u00adement anti\u00adcip\u00e9 ou par carte de cr\u00e9\u00addit. DEX d\u00e9cide des vari\u00adan\u00adtes pos\u00adsi\u00adbles, tel\u00adles que la fac\u00adtu\u00adra\u00adtion nor\u00admale, le pai\u00adement men\u00adsuel ou d\u2019au\u00adt\u00adres pos\u00adsi\u00adbi\u00adli\u00adt\u00e9s de pai\u00adement, en fon\u00adc\u00adtion de la situa\u00adtion. Dans ces cas, un int\u00e9\u00adr\u00eat de retard de 5% est appli\u00adqu\u00e9 en cas de retard de pai\u00adement.<\/p>\n<p>L\u2019ob\u00adli\u00adga\u00adtion de pai\u00adement du cli\u00adent est con\u00adsid\u00e9\u00adr\u00e9e comme rem\u00adp\u00adlie \u00e0 la r\u00e9cep\u00adtion par DEX du prix d\u2019achat, qui est \u00e0 la libre dis\u00adpo\u00adsi\u00adtion de DEX.<\/p>\n<p>&nbsp;<\/p>\n<h2>6. Exportation<\/h2>\n<p>Les pro\u00adduits sont desti\u00adn\u00e9s \u00e0 \u00eatre uti\u00adli\u00ads\u00e9s exclu\u00adsi\u00adve\u00adment en Suisse ou au Liech\u00adten\u00adstein.<\/p>\n<p>&nbsp;<\/p>\n<h2>7. R\u00e9serve de propri\u00e9t\u00e9<\/h2>\n<p>Les mar\u00adchan\u00addi\u00adses liv\u00adr\u00e9es restent la pro\u00adpri\u00e9t\u00e9 de DEX jus\u00adqu\u2019au pai\u00adement int\u00e9\u00adgral du prix d\u2019achat. Dans de tels cas, les mar\u00adchan\u00addi\u00adses ne peu\u00advent pas \u00eatre d\u00e9pla\u00adc\u00e9es vers d\u2019au\u00adt\u00adres sites sans l\u2019ac\u00adcord \u00e9crit de DEX jus\u00adqu\u2019\u00e0 ce que le pai\u00adement ait \u00e9t\u00e9 enti\u00e8\u00adre\u00adment effec\u00adtu\u00e9.<\/p>\n<p>Afin de pro\u00adt\u00e9\u00adger la pro\u00adpri\u00e9t\u00e9 de DEX, le cli\u00adent est tenu de coop\u00e9\u00adrer aux mesu\u00adres n\u00e9ces\u00adsaires \u00e0 cet effet.<\/p>\n<p>&nbsp;<\/p>\n<h2>8. R\u00e9ception, contr\u00f4le et r\u00e9clamation<\/h2>\n<p>Chaque liv\u00adrai\u00adson est con\u00adtr\u00f4l\u00e9e par DEX avant l\u2019ex\u00adp\u00e9\u00addi\u00adtion. Sauf accord con\u00adtraire, la liv\u00adrai\u00adson s\u2019ef\u00adfec\u00adtue aux frais et aux ris\u00adques du cli\u00adent.<\/p>\n<p>Le cli\u00adent est tenu de v\u00e9ri\u00adfier que les mar\u00adchan\u00addi\u00adses ne pr\u00e9\u00adsen\u00adtent pas de d\u00e9fauts visi\u00adbles d\u00e8s leur r\u00e9cep\u00adtion et de signaler imm\u00e9\u00addia\u00adte\u00adment par \u00e9crit les \u00e9ven\u00adtuels d\u00e9fauts \u00e0 DEX. Les r\u00e9cla\u00adma\u00adti\u00adons ainsi que les plain\u00adtes con\u00adcer\u00adnant la qua\u00adlit\u00e9 de la mar\u00adchan\u00addise ne sont val\u00adables que si elles nous sont com\u00admu\u00adni\u00adqu\u00e9es par \u00e9crit dans les 7 jours sui\u00advant la r\u00e9cep\u00adtion de la mar\u00adchan\u00addise. S\u2019il omet de le faire, la liv\u00adrai\u00adson est con\u00adsid\u00e9\u00adr\u00e9e comme accep\u00adt\u00e9e et approu\u00adv\u00e9e.<\/p>\n<p>Une \u00e9ven\u00adtu\u00adelle r\u00e9pa\u00adra\u00adtion des d\u00e9fauts est effec\u00adtu\u00e9e dans un d\u00e9lai rai\u00adsonnable, la d\u00e9cis\u00adion de rem\u00adpla\u00adcer ou de r\u00e9pa\u00adrer les mar\u00adchan\u00addi\u00adses incombe \u00e0 DEX. Le droit de r\u00e9si\u00adlia\u00adtion du cont\u00adrat de la part du cli\u00adent est exclu.<\/p>\n<p>Si des dom\u00admages de trans\u00adport sont visi\u00adbles, l\u2019en\u00advoi doit \u00eatre accept\u00e9 sous r\u00e9serve et imm\u00e9\u00addia\u00adte\u00adment signal\u00e9 au trans\u00adpor\u00adteur con\u00adcern\u00e9.<\/p>\n<p>&nbsp;<\/p>\n<h2>9. Transfert des profits et des risques<\/h2>\n<p>Au moment o\u00f9 les mar\u00adchan\u00addi\u00adses quit\u00adtent l\u2019en\u00adtrep\u00f4t de DEX pour \u00eatre liv\u00adr\u00e9es au cli\u00adent, les pro\u00adfits et les ris\u00adques sont trans\u00adf\u00e9\u00adr\u00e9s au cli\u00adent. Cela vaut \u00e9ga\u00adle\u00adment si, par exemple, l\u2019in\u00adstal\u00adla\u00adtion chez le cli\u00adent a lieu ult\u00e9\u00adri\u00adeu\u00adre\u00adment, c\u2019est-\u00e0-dire apr\u00e8s la liv\u00adrai\u00adson par DEX.<\/p>\n<p>&nbsp;<\/p>\n<h2>10. Installation<\/h2>\n<p>Si un appa\u00adreil doit \u00eatre install\u00e9 par DEX, cela doit faire l\u2019ob\u00adjet d\u2019un accord s\u00e9par\u00e9. Les travaux pr\u00e9\u00adpa\u00adra\u00adtoires n\u00e9ces\u00adsaires du cli\u00adent pour l\u2019in\u00adstal\u00adla\u00adtion y sont con\u00adsi\u00adgn\u00e9s.<\/p>\n<p>Sauf accord con\u00adtraire, les frais d\u2019in\u00adstal\u00adla\u00adtion sont \u00e0 la charge du cli\u00adent.<\/p>\n<p>&nbsp;<\/p>\n<h2>11. Garantie \/ garantie<\/h2>\n<p>La garan\u00adtie pour les appareils neufs cor\u00adre\u00adspond \u00e0 la dur\u00e9e mini\u00admale de garan\u00adtie de 24 mois selon la loi suisse. Les r\u00e9cla\u00adma\u00adti\u00adons con\u00adcer\u00adnant des mat\u00e9\u00adriaux dont la mau\u00advaise qua\u00adlit\u00e9 est prou\u00adv\u00e9e ou une con\u00ads\u00adtruc\u00adtion d\u00e9fec\u00adtueuse seront r\u00e9pa\u00adr\u00e9es ou rem\u00adpla\u00adc\u00e9es par DEX dans les meil\u00adleurs d\u00e9lais. En cas de vente d\u2019ap\u00adpareils d\u2019oc\u00adca\u00adsion, la garan\u00adtie est r\u00e9duite \u00e0 la dur\u00e9e mini\u00admale l\u00e9gale de 12 mois. La garan\u00adtie prend effet au moment du trans\u00adfert des pro\u00adfits et des ris\u00adques au cli\u00adent.<\/p>\n<p>La garan\u00adtie com\u00adprend la r\u00e9pa\u00adra\u00adtion ou le rem\u00adpla\u00adce\u00adment des pi\u00e8\u00adces faisant l\u2019ob\u00adjet de la r\u00e9cla\u00adma\u00adtion, mais pas les co\u00fbts et frais du per\u00adson\u00adnel de ser\u00advice, qui seront fac\u00adtu\u00adr\u00e9s. Les pi\u00e8\u00adces rem\u00adpla\u00adc\u00e9es devi\u00aden\u00adnent la pro\u00adpri\u00e9t\u00e9 de DEX. Les mar\u00adchan\u00addi\u00adses faisant l\u2019ob\u00adjet d\u2019une r\u00e9cla\u00adma\u00adtion ne peu\u00advent \u00eatre ren\u00advoy\u00ad\u00e9es qu\u2019a\u00advec notre accord. Les retours de mar\u00adchan\u00addi\u00adses sans motif jus\u00adti\u00adfi\u00e9 con\u00adfor\u00adm\u00e9\u00adment \u00e0 la loi ou \u00e0 nos con\u00addi\u00adti\u00adons g\u00e9n\u00e9\u00adra\u00adles de vente ne sont pas accep\u00adt\u00e9s. Les frais de retour sont \u00e0 la charge du cli\u00adent.<\/p>\n<p>DEX n\u2019est pas responsable des dom\u00admages cau\u00ads\u00e9s par une uti\u00adli\u00adsa\u00adtion ou une mani\u00adpu\u00adla\u00adtion non con\u00adforme, un ent\u00adre\u00adtien insuf\u00adfi\u00adsant ou inap\u00adpro\u00adpri\u00e9, l\u2019u\u00adsure nor\u00admale. De m\u00eame, DEX d\u00e9cline toute garan\u00adtie ou responsa\u00adbi\u00adlit\u00e9 si le cli\u00adent effec\u00adtue lui-m\u00eame des r\u00e9pa\u00adra\u00adti\u00adons qui n\u2019ont pas \u00e9t\u00e9 auto\u00adri\u00ads\u00e9es par DEX ou uti\u00adlise des pi\u00e8\u00adces de rech\u00adange qui ne pro\u00advi\u00aden\u00adnent pas de DEX.<\/p>\n<p>Tous les con\u00adsom\u00adma\u00adbles ainsi que les piles, les fusi\u00adbles, les lam\u00adpes ou les bat\u00adte\u00adries ne sont pas cou\u00adverts par la garan\u00adtie.<\/p>\n<p>La garan\u00adtie est sus\u00adpen\u00addue tant que le cli\u00adent est en retard de pai\u00adement.<\/p>\n<p>&nbsp;<\/p>\n<h2>12. Responsabilit\u00e9<\/h2>\n<p>DEX est responsable de la liv\u00adrai\u00adson des mar\u00adchan\u00addi\u00adses dans le cadre de la garan\u00adtie. La responsa\u00adbi\u00adlit\u00e9 en mati\u00e8re de dom\u00admages et int\u00e9\u00adr\u00eats pour des dom\u00admages directs ou indi\u00adrects r\u00e9sul\u00adtant de l\u2019in\u00adex\u00e9\u00adcu\u00adtion d\u2019ob\u00adli\u00adga\u00adti\u00adons con\u00adtrac\u00adtu\u00adel\u00adles est expres\u00ads\u00e9\u00adment exclue. Con\u00adcr\u00e8\u00adte\u00adment, DEX n\u2019est pas responsable des per\u00adtes de b\u00e9n\u00e9\u00adfices, des per\u00adtes de pro\u00adduc\u00adtion, des per\u00adtes de com\u00adman\u00addes ou des r\u00e9cla\u00adma\u00adti\u00adons de tiers. Il en va de m\u00eame si la d\u00e9fail\u00adlance d\u2019un \u00e9qui\u00adpe\u00adment de DEX devait ent\u00adra\u00ee\u00adner un arr\u00eat de fon\u00adc\u00adtion\u00adne\u00adment.<\/p>\n<p>L\u2019uti\u00adli\u00adsa\u00adtion des pro\u00adduits cos\u00adm\u00e9\u00adti\u00adques pour les trai\u00adte\u00adments cos\u00adm\u00e9\u00adti\u00adques m\u00e9di\u00adcaux doit tou\u00adjours se faire selon un pro\u00adto\u00adcole d\u00e9fini et par un per\u00adson\u00adnel sp\u00e9\u00adcia\u00adlis\u00e9 et auto\u00adris\u00e9. DEX d\u00e9cline toute responsa\u00adbi\u00adlit\u00e9 en cas d\u2019uti\u00adli\u00adsa\u00adtion inap\u00adpro\u00adpri\u00e9e des pro\u00adduits ou en cas d\u2019uti\u00adli\u00adsa\u00adtion des pro\u00adduits par du per\u00adson\u00adnel non auto\u00adris\u00e9.  <\/p>\n<p>En cas de four\u00adni\u00adture de ser\u00advices, DEX n\u2019est responsable qu\u2019en cas de faute inten\u00adti\u00adon\u00adnelle ou de n\u00e9g\u00adli\u00adgence grave. Tou\u00adte\u00adfois, m\u00eame dans de tels cas, DEX n\u2019est en aucun cas responsable des per\u00adtes de b\u00e9n\u00e9\u00adfices, des per\u00adtes de pro\u00adduc\u00adtion, des per\u00adtes de com\u00adman\u00addes ou des r\u00e9cla\u00adma\u00adti\u00adons de tiers.<\/p>\n<p>&nbsp;<\/p>\n<h2>13. Lieu de juridiction<\/h2>\n<p>Les dis\u00adpo\u00adsi\u00adti\u00adons du droit suisse s\u2019ap\u00adpli\u00adquent. Le lieu d\u2019ex\u00e9\u00adcu\u00adtion et le for exclu\u00adsif pour le cli\u00adent et DEX est la com\u00admune de Feu\u00adsis\u00adberg, can\u00adton de Schwyz.<\/p>\n<p>&nbsp;<\/p>\n<p>&nbsp;<\/p>\n<p>&nbsp;<\/p>\n<p>Schin\u00addel\u00adlegi, le 30 d\u00e9cembre 2022<\/p>\n<p>&nbsp;<\/p>\n<p>[\/et_pb_text][\/et_pb_column][\/et_pb_row][\/et_pb_section]<\/p>\n","protected":false},"excerpt":{"rendered":"<p>CGV \u2014 Con\u00addi\u00adti\u00adons g\u00e9n\u00e9\u00adra\u00adles de vente1. Champ d\u2019ap\u00adpli\u00adca\u00adtion Les pr\u00e9\u00adsen\u00adtes con\u00addi\u00adti\u00adons g\u00e9n\u00e9\u00adra\u00adles de vente r\u00e9gis\u00adsent les rela\u00adti\u00adons entre www.med4skin.ch, repr\u00e9\u00adsent\u00e9 par digi\u00adtal\u00adex\u00adpert AG \u00e0 8834 Schin\u00addel\u00adlegi (ci-apr\u00e8s d\u00e9nomm\u00e9 DEX), et ses cli\u00adents. Les accords \u00e9crits com\u00admuns dans les\u00adquels cer\u00adta\u00adins points ont \u00e9t\u00e9 modi\u00adfi\u00e9s ou com\u00adpl\u00e9\u00adt\u00e9s et accep\u00adt\u00e9s par DEX con\u00adsti\u00adtu\u00adent des excep\u00adti\u00adons. DEX se r\u00e9serve [\u2026]<\/p>\n","protected":false},"author":1,"featured_media":0,"parent":0,"menu_order":0,"comment_status":"closed","ping_status":"closed","template":"","meta":{"_et_pb_use_builder":"on","_et_pb_old_content":"","_et_gb_content_width":"","wp_typography_post_enhancements_disabled":false,"footnotes":""},"class_list":["post-5578","page","type-page","status-publish","hentry"],"yoast_head":"<!-- This site is optimized with the Yoast SEO plugin v27.5 - https:\/\/yoast.com\/product\/yoast-seo-wordpress\/ -->\n<title>CONDITIONS G\u00c9N\u00c9RALES DE VENTE | med4skin<\/title>\n<meta name=\"robots\" content=\"index, follow, max-snippet:-1, max-image-preview:large, max-video-preview:-1\" \/>\n<link rel=\"canonical\" href=\"https:\/\/training.med4skin.ch\/fr\/conditions-generales-de-vente\/\" \/>\n<meta property=\"og:locale\" content=\"fr_FR\" \/>\n<meta property=\"og:type\" content=\"article\" \/>\n<meta property=\"og:title\" content=\"CONDITIONS G\u00c9N\u00c9RALES DE VENTE | med4skin\" \/>\n<meta property=\"og:description\" content=\"CGV - Conditions g\u00e9n\u00e9rales de vente1. Champ d&#039;application Les pr\u00e9sentes conditions g\u00e9n\u00e9rales de vente r\u00e9gissent les relations entre www.med4skin.ch, repr\u00e9sent\u00e9 par digitalexpert AG \u00e0 8834 Schindellegi (ci-apr\u00e8s d\u00e9nomm\u00e9 DEX), et ses clients. Les accords \u00e9crits communs dans lesquels certains points ont \u00e9t\u00e9 modifi\u00e9s ou compl\u00e9t\u00e9s et accept\u00e9s par DEX constituent des exceptions. DEX se r\u00e9serve [&hellip;]\" \/>\n<meta property=\"og:url\" content=\"https:\/\/training.med4skin.ch\/fr\/conditions-generales-de-vente\/\" \/>\n<meta property=\"og:site_name\" content=\"med4skin\" \/>\n<meta property=\"article:modified_time\" content=\"2024-10-15T16:19:25+00:00\" \/>\n<meta name=\"twitter:card\" content=\"summary_large_image\" \/>\n<meta name=\"twitter:label1\" content=\"Dur\u00e9e de lecture estim\u00e9e\" \/>\n\t<meta name=\"twitter:data1\" content=\"8 minutes\" \/>\n<script type=\"application\/ld+json\" class=\"yoast-schema-graph\">{\"@context\":\"https:\\\/\\\/schema.org\",\"@graph\":[{\"@type\":\"WebPage\",\"@id\":\"https:\\\/\\\/training.med4skin.ch\\\/fr\\\/conditions-generales-de-vente\\\/\",\"url\":\"https:\\\/\\\/training.med4skin.ch\\\/fr\\\/conditions-generales-de-vente\\\/\",\"name\":\"CONDITIONS G\u00c9N\u00c9RALES DE VENTE | med4skin\",\"isPartOf\":{\"@id\":\"https:\\\/\\\/training.med4skin.ch\\\/fr\\\/#website\"},\"datePublished\":\"2022-08-11T18:48:24+00:00\",\"dateModified\":\"2024-10-15T16:19:25+00:00\",\"breadcrumb\":{\"@id\":\"https:\\\/\\\/training.med4skin.ch\\\/fr\\\/conditions-generales-de-vente\\\/#breadcrumb\"},\"inLanguage\":\"fr-FR\",\"potentialAction\":[{\"@type\":\"ReadAction\",\"target\":[\"https:\\\/\\\/training.med4skin.ch\\\/fr\\\/conditions-generales-de-vente\\\/\"]}]},{\"@type\":\"BreadcrumbList\",\"@id\":\"https:\\\/\\\/training.med4skin.ch\\\/fr\\\/conditions-generales-de-vente\\\/#breadcrumb\",\"itemListElement\":[{\"@type\":\"ListItem\",\"position\":1,\"name\":\"Startseite\",\"item\":\"https:\\\/\\\/training.med4skin.ch\\\/fr\\\/accueil\\\/\"},{\"@type\":\"ListItem\",\"position\":2,\"name\":\"CONDITIONS G\u00c9N\u00c9RALES DE VENTE\"}]},{\"@type\":\"WebSite\",\"@id\":\"https:\\\/\\\/training.med4skin.ch\\\/fr\\\/#website\",\"url\":\"https:\\\/\\\/training.med4skin.ch\\\/fr\\\/\",\"name\":\"med4skin\",\"description\":\"med4skin - skincare\",\"publisher\":{\"@id\":\"https:\\\/\\\/training.med4skin.ch\\\/fr\\\/#organization\"},\"potentialAction\":[{\"@type\":\"SearchAction\",\"target\":{\"@type\":\"EntryPoint\",\"urlTemplate\":\"https:\\\/\\\/training.med4skin.ch\\\/fr\\\/?s={search_term_string}\"},\"query-input\":{\"@type\":\"PropertyValueSpecification\",\"valueRequired\":true,\"valueName\":\"search_term_string\"}}],\"inLanguage\":\"fr-FR\"},{\"@type\":\"Organization\",\"@id\":\"https:\\\/\\\/training.med4skin.ch\\\/fr\\\/#organization\",\"name\":\"med4skin\",\"url\":\"https:\\\/\\\/training.med4skin.ch\\\/fr\\\/\",\"logo\":{\"@type\":\"ImageObject\",\"inLanguage\":\"fr-FR\",\"@id\":\"https:\\\/\\\/training.med4skin.ch\\\/fr\\\/#\\\/schema\\\/logo\\\/image\\\/\",\"url\":\"https:\\\/\\\/training.med4skin.ch\\\/wp-content\\\/uploads\\\/2024\\\/01\\\/95017869_padded_logo.png\",\"contentUrl\":\"https:\\\/\\\/training.med4skin.ch\\\/wp-content\\\/uploads\\\/2024\\\/01\\\/95017869_padded_logo.png\",\"width\":1000,\"height\":1000,\"caption\":\"med4skin\"},\"image\":{\"@id\":\"https:\\\/\\\/training.med4skin.ch\\\/fr\\\/#\\\/schema\\\/logo\\\/image\\\/\"},\"sameAs\":[\"https:\\\/\\\/www.instagram.com\\\/toskani.switzerland\\\/\",\"https:\\\/\\\/www.instagram.com\\\/med4skin.ch\"]}]}<\/script>\n<!-- \/ Yoast SEO plugin. -->","yoast_head_json":{"title":"CONDITIONS G\u00c9N\u00c9RALES DE VENTE | med4skin","robots":{"index":"index","follow":"follow","max-snippet":"max-snippet:-1","max-image-preview":"max-image-preview:large","max-video-preview":"max-video-preview:-1"},"canonical":"https:\/\/training.med4skin.ch\/fr\/conditions-generales-de-vente\/","og_locale":"fr_FR","og_type":"article","og_title":"CONDITIONS G\u00c9N\u00c9RALES DE VENTE | med4skin","og_description":"CGV - Conditions g\u00e9n\u00e9rales de vente1. Champ d'application Les pr\u00e9sentes conditions g\u00e9n\u00e9rales de vente r\u00e9gissent les relations entre www.med4skin.ch, repr\u00e9sent\u00e9 par digitalexpert AG \u00e0 8834 Schindellegi (ci-apr\u00e8s d\u00e9nomm\u00e9 DEX), et ses clients. Les accords \u00e9crits communs dans lesquels certains points ont \u00e9t\u00e9 modifi\u00e9s ou compl\u00e9t\u00e9s et accept\u00e9s par DEX constituent des exceptions. DEX se r\u00e9serve [&hellip;]","og_url":"https:\/\/training.med4skin.ch\/fr\/conditions-generales-de-vente\/","og_site_name":"med4skin","article_modified_time":"2024-10-15T16:19:25+00:00","twitter_card":"summary_large_image","twitter_misc":{"Dur\u00e9e de lecture estim\u00e9e":"8 minutes"},"schema":{"@context":"https:\/\/schema.org","@graph":[{"@type":"WebPage","@id":"https:\/\/training.med4skin.ch\/fr\/conditions-generales-de-vente\/","url":"https:\/\/training.med4skin.ch\/fr\/conditions-generales-de-vente\/","name":"CONDITIONS G\u00c9N\u00c9RALES DE VENTE | med4skin","isPartOf":{"@id":"https:\/\/training.med4skin.ch\/fr\/#website"},"datePublished":"2022-08-11T18:48:24+00:00","dateModified":"2024-10-15T16:19:25+00:00","breadcrumb":{"@id":"https:\/\/training.med4skin.ch\/fr\/conditions-generales-de-vente\/#breadcrumb"},"inLanguage":"fr-FR","potentialAction":[{"@type":"ReadAction","target":["https:\/\/training.med4skin.ch\/fr\/conditions-generales-de-vente\/"]}]},{"@type":"BreadcrumbList","@id":"https:\/\/training.med4skin.ch\/fr\/conditions-generales-de-vente\/#breadcrumb","itemListElement":[{"@type":"ListItem","position":1,"name":"Startseite","item":"https:\/\/training.med4skin.ch\/fr\/accueil\/"},{"@type":"ListItem","position":2,"name":"CONDITIONS G\u00c9N\u00c9RALES DE VENTE"}]},{"@type":"WebSite","@id":"https:\/\/training.med4skin.ch\/fr\/#website","url":"https:\/\/training.med4skin.ch\/fr\/","name":"med4skin","description":"med4skin - skincare","publisher":{"@id":"https:\/\/training.med4skin.ch\/fr\/#organization"},"potentialAction":[{"@type":"SearchAction","target":{"@type":"EntryPoint","urlTemplate":"https:\/\/training.med4skin.ch\/fr\/?s={search_term_string}"},"query-input":{"@type":"PropertyValueSpecification","valueRequired":true,"valueName":"search_term_string"}}],"inLanguage":"fr-FR"},{"@type":"Organization","@id":"https:\/\/training.med4skin.ch\/fr\/#organization","name":"med4skin","url":"https:\/\/training.med4skin.ch\/fr\/","logo":{"@type":"ImageObject","inLanguage":"fr-FR","@id":"https:\/\/training.med4skin.ch\/fr\/#\/schema\/logo\/image\/","url":"https:\/\/training.med4skin.ch\/wp-content\/uploads\/2024\/01\/95017869_padded_logo.png","contentUrl":"https:\/\/training.med4skin.ch\/wp-content\/uploads\/2024\/01\/95017869_padded_logo.png","width":1000,"height":1000,"caption":"med4skin"},"image":{"@id":"https:\/\/training.med4skin.ch\/fr\/#\/schema\/logo\/image\/"},"sameAs":["https:\/\/www.instagram.com\/toskani.switzerland\/","https:\/\/www.instagram.com\/med4skin.ch"]}]}},"_links":{"self":[{"href":"https:\/\/training.med4skin.ch\/fr\/wp-json\/wp\/v2\/pages\/5578","targetHints":{"allow":["GET"]}}],"collection":[{"href":"https:\/\/training.med4skin.ch\/fr\/wp-json\/wp\/v2\/pages"}],"about":[{"href":"https:\/\/training.med4skin.ch\/fr\/wp-json\/wp\/v2\/types\/page"}],"author":[{"embeddable":true,"href":"https:\/\/training.med4skin.ch\/fr\/wp-json\/wp\/v2\/users\/1"}],"replies":[{"embeddable":true,"href":"https:\/\/training.med4skin.ch\/fr\/wp-json\/wp\/v2\/comments?post=5578"}],"version-history":[{"count":1,"href":"https:\/\/training.med4skin.ch\/fr\/wp-json\/wp\/v2\/pages\/5578\/revisions"}],"predecessor-version":[{"id":5582,"href":"https:\/\/training.med4skin.ch\/fr\/wp-json\/wp\/v2\/pages\/5578\/revisions\/5582"}],"wp:attachment":[{"href":"https:\/\/training.med4skin.ch\/fr\/wp-json\/wp\/v2\/media?parent=5578"}],"curies":[{"name":"wp","href":"https:\/\/api.w.org\/{rel}","templated":true}]}}